{"id":23,"date":"2020-12-17T14:52:49","date_gmt":"2020-12-17T13:52:49","guid":{"rendered":"https:\/\/samanthaestilistas.es\/?page_id=23"},"modified":"2021-08-27T20:48:14","modified_gmt":"2021-08-27T18:48:14","slug":"contacto","status":"publish","type":"page","link":"https:\/\/samanthaestilistas.es\/ca\/contacto\/","title":{"rendered":"Contacte"},"content":{"rendered":"<div class=\"wpb-content-wrapper\"><section class=\"vc_section\"><div class=\"vc_row wpb_row vc_row-fluid\"><div class=\"wpb_column vc_column_container vc_col-sm-3\"><div class=\"vc_column-inner\"><div class=\"wpb_wrapper\"><\/div><\/div><\/div><div class=\"wpb_column vc_column_container vc_col-sm-3\"><div class=\"vc_column-inner\"><div class=\"wpb_wrapper\">\n\t<div class=\"wpb_text_column wpb_content_element  vc_custom_1611506208131\" >\n\t\t<div class=\"wpb_wrapper\">\n\t\t\t<div class=\"content-icono\">\n<p><img decoding=\"async\" src=\"https:\/\/samanthaestilistas.es\/wp-content\/uploads\/2021\/01\/icono-ubicacion.png\" alt=\"\" \/><\/p>\n<h3>Direcci\u00f3<\/h3>\n<\/div>\n\n\t\t<\/div>\n\t<\/div>\n\n\t<div class=\"wpb_text_column wpb_content_element\" >\n\t\t<div class=\"wpb_wrapper\">\n\t\t\t<p>Av. de Barber\u00e0, 207 Bis, 08203 Sabadell, Barcelona<\/p>\n\n\t\t<\/div>\n\t<\/div>\n\n\t<div class=\"wpb_text_column wpb_content_element  vc_custom_1611506383546\" >\n\t\t<div class=\"wpb_wrapper\">\n\t\t\t<div class=\"content-icono\">\n<p><img decoding=\"async\" src=\"https:\/\/samanthaestilistas.es\/wp-content\/uploads\/2021\/01\/icono-telefono.png\" alt=\"\" \/><\/p>\n<h3>Tel\u00e8fon<\/h3>\n<\/div>\n\n\t\t<\/div>\n\t<\/div>\n\n\t<div class=\"wpb_text_column wpb_content_element\" >\n\t\t<div class=\"wpb_wrapper\">\n\t\t\t<p><a style=\"text-decoration: none; color: #8b8d94;\" href=\"tel:+34937105226\">93 710 52 26<\/a><\/p>\n\n\t\t<\/div>\n\t<\/div>\n<\/div><\/div><\/div><div class=\"wpb_column vc_column_container vc_col-sm-3\"><div class=\"vc_column-inner\"><div class=\"wpb_wrapper\">\n\t<div class=\"wpb_text_column wpb_content_element  vc_custom_1611506263152\" >\n\t\t<div class=\"wpb_wrapper\">\n\t\t\t<div class=\"content-icono\">\n<p><img decoding=\"async\" src=\"https:\/\/samanthaestilistas.es\/wp-content\/uploads\/2021\/01\/icono-horario.png\" alt=\"\" \/><\/p>\n<h3>Horari<\/h3>\n<\/div>\n\n\t\t<\/div>\n\t<\/div>\n\n\t<div class=\"wpb_text_column wpb_content_element\" >\n\t\t<div class=\"wpb_wrapper\">\n\t\t\t<p><strong>De dimarts a dijous<\/strong><\/p>\n<p>De 09:00 a 13:00 i de 15:00 a 19:00 h.<\/p>\n<p>&nbsp;<\/p>\n<p><strong>Divendres<\/strong><br \/>\nDe 09:00 a 19:00 h.<\/p>\n<p>&nbsp;<\/p>\n<p><strong>Dissabtes<\/strong><br \/>\nDe 08:00 a 14:00 h.<\/p>\n\n\t\t<\/div>\n\t<\/div>\n<\/div><\/div><\/div><div class=\"wpb_column vc_column_container vc_col-sm-3\"><div class=\"vc_column-inner\"><div class=\"wpb_wrapper\"><\/div><\/div><\/div><\/div><\/section><div class=\"vc_row wpb_row vc_row-fluid\"><div class=\"wpb_column vc_column_container vc_col-sm-3\"><div class=\"vc_column-inner\"><div class=\"wpb_wrapper\"><\/div><\/div><\/div><div class=\"wpb_column vc_column_container vc_col-sm-6\"><div class=\"vc_column-inner\"><div class=\"wpb_wrapper\"><div class=\"wpb_gmaps_widget wpb_content_element\"><div class=\"wpb_wrapper\"><div class=\"wpb_map_wraper\"><iframe loading=\"lazy\" src=\"https:\/\/www.google.com\/maps\/embed?pb=!1m14!1m8!1m3!1d11946.54538864524!2d2.115382!3d41.5338172!3m2!1i1024!2i768!4f13.1!3m3!1m2!1s0x0%3A0x1e0e478b36b17f37!2sSamantha%20-%20Perruquers%20%26%20Barbers!5e0!3m2!1ses!2ses!4v1611506811855!5m2!1ses!2ses\" width=\"600\" height=\"450\" frameborder=\"0\" style=\"border:0;\" allowfullscreen=\"\" aria-hidden=\"false\" tabindex=\"0\"><\/iframe><\/div><\/div><\/div><\/div><\/div><\/div><div class=\"wpb_column vc_column_container vc_col-sm-3\"><div class=\"vc_column-inner\"><div class=\"wpb_wrapper\"><\/div><\/div><\/div><\/div><section class=\"vc_section\"><div data-vc-full-width=\"true\" data-vc-full-width-init=\"false\" class=\"vc_row wpb_row vc_row-fluid vc_row-o-full-height vc_row-o-columns-middle vc_row-flex\"><div class=\"wpb_column vc_column_container vc_col-sm-12\"><div class=\"vc_column-inner\"><div class=\"wpb_wrapper\">\n\t<div class=\"wpb_text_column wpb_content_element\" >\n\t\t<div class=\"wpb_wrapper\">\n\t\t\t<h2 class=\"destacados\">T'esperem!<\/h2>\n<p class=\"destacados\"><a href=\"tel:+34937105226\">93 710 52 26<\/a><\/p>\n\n\t\t<\/div>\n\t<\/div>\n<\/div><\/div><\/div><\/div><div class=\"vc_row-full-width vc_clearfix\"><\/div><!-- Row Backgrounds --><div class=\"upb_color\" data-bg-override=\"ex-full\" data-bg-color=\"#be7410\" data-fadeout=\"\" data-fadeout-percentage=\"30\" data-parallax-content=\"parallax_content_value\" data-parallax-content-sense=\"80\" data-row-effect-mobile-disable=\"true\" data-img-parallax-mobile-disable=\"true\" data-rtl=\"false\"  data-custom-vc-row=\"\"  data-vc=\"7.1\"  data-is_old_vc=\"\"  data-theme-support=\"\"   data-overlay=\"false\" data-overlay-color=\"\" data-overlay-pattern=\"\" data-overlay-pattern-opacity=\"\" data-overlay-pattern-size=\"\"    ><\/div><\/section>\n<\/div>","protected":false},"excerpt":{"rendered":"<p>Direcci\u00f3n Av. de Barber\u00e0, 207 Bis, 08203 Sabadell, Barcelona Tel\u00e9fono 93 710 52 26 Horario De martes a jueves De 09:00 a 13:00 i de 15:00 a 19:00 h. &nbsp; Viernes De 09:00 a 19:00 h. &nbsp; S\u00e1bados De 08:00 a 14:00 h. \u00a1Te esperamos! 93 710 52 26<\/p>","protected":false},"author":4,"featured_media":0,"parent":0,"menu_order":0,"comment_status":"closed","ping_status":"closed","template":"","meta":{"footnotes":""},"class_list":["post-23","page","type-page","status-publish","hentry","description-off"],"yoast_head":"<!-- This site is optimized with the Yoast SEO plugin v27.5 - https:\/\/yoast.com\/product\/yoast-seo-wordpress\/ -->\n<title>Contacto - Samantha - Perruquers &amp; Barbers<\/title>\n<meta name=\"robots\" content=\"index, follow, max-snippet:-1, max-image-preview:large, max-video-preview:-1\" \/>\n<link rel=\"canonical\" href=\"https:\/\/samanthaestilistas.es\/ca\/contacto\/\" \/>\n<meta property=\"og:locale\" content=\"ca_ES\" \/>\n<meta property=\"og:type\" content=\"article\" \/>\n<meta property=\"og:title\" content=\"Contacto - Samantha - Perruquers &amp; Barbers\" \/>\n<meta property=\"og:url\" content=\"https:\/\/samanthaestilistas.es\/ca\/contacto\/\" \/>\n<meta property=\"og:site_name\" content=\"Samantha - Perruquers &amp; Barbers\" \/>\n<meta property=\"article:modified_time\" content=\"2021-08-27T18:48:14+00:00\" \/>\n<meta property=\"og:image\" content=\"https:\/\/samanthaestilistas.es\/wp-content\/uploads\/2021\/01\/icono-ubicacion.png\" \/>\n<meta name=\"twitter:card\" content=\"summary_large_image\" \/>\n<meta name=\"twitter:label1\" content=\"Temps estimat de lectura\" \/>\n\t<meta name=\"twitter:data1\" content=\"1 minut\" \/>\n<script type=\"application\/ld+json\" class=\"yoast-schema-graph\">{\"@context\":\"https:\\\/\\\/schema.org\",\"@graph\":[{\"@type\":\"WebPage\",\"@id\":\"https:\\\/\\\/samanthaestilistas.es\\\/es\\\/contacto\\\/\",\"url\":\"https:\\\/\\\/samanthaestilistas.es\\\/es\\\/contacto\\\/\",\"name\":\"Contacto - Samantha - Perruquers &amp; Barbers\",\"isPartOf\":{\"@id\":\"https:\\\/\\\/samanthaestilistas.es\\\/es\\\/#website\"},\"primaryImageOfPage\":{\"@id\":\"https:\\\/\\\/samanthaestilistas.es\\\/es\\\/contacto\\\/#primaryimage\"},\"image\":{\"@id\":\"https:\\\/\\\/samanthaestilistas.es\\\/es\\\/contacto\\\/#primaryimage\"},\"thumbnailUrl\":\"https:\\\/\\\/samanthaestilistas.es\\\/wp-content\\\/uploads\\\/2021\\\/01\\\/icono-ubicacion.png\",\"datePublished\":\"2020-12-17T13:52:49+00:00\",\"dateModified\":\"2021-08-27T18:48:14+00:00\",\"breadcrumb\":{\"@id\":\"https:\\\/\\\/samanthaestilistas.es\\\/es\\\/contacto\\\/#breadcrumb\"},\"inLanguage\":\"ca\",\"potentialAction\":[{\"@type\":\"ReadAction\",\"target\":[\"https:\\\/\\\/samanthaestilistas.es\\\/es\\\/contacto\\\/\"]}]},{\"@type\":\"ImageObject\",\"inLanguage\":\"ca\",\"@id\":\"https:\\\/\\\/samanthaestilistas.es\\\/es\\\/contacto\\\/#primaryimage\",\"url\":\"https:\\\/\\\/samanthaestilistas.es\\\/wp-content\\\/uploads\\\/2021\\\/01\\\/icono-ubicacion.png\",\"contentUrl\":\"https:\\\/\\\/samanthaestilistas.es\\\/wp-content\\\/uploads\\\/2021\\\/01\\\/icono-ubicacion.png\"},{\"@type\":\"BreadcrumbList\",\"@id\":\"https:\\\/\\\/samanthaestilistas.es\\\/es\\\/contacto\\\/#breadcrumb\",\"itemListElement\":[{\"@type\":\"ListItem\",\"position\":1,\"name\":\"Portada\",\"item\":\"https:\\\/\\\/samanthaestilistas.es\\\/\"},{\"@type\":\"ListItem\",\"position\":2,\"name\":\"Contacto\"}]},{\"@type\":\"WebSite\",\"@id\":\"https:\\\/\\\/samanthaestilistas.es\\\/es\\\/#website\",\"url\":\"https:\\\/\\\/samanthaestilistas.es\\\/es\\\/\",\"name\":\"Samantha - Perruquers &amp; Barbers\",\"description\":\"Peluquer\u00eda y Barber Shop de Sabadell\",\"publisher\":{\"@id\":\"https:\\\/\\\/samanthaestilistas.es\\\/es\\\/#organization\"},\"potentialAction\":[{\"@type\":\"SearchAction\",\"target\":{\"@type\":\"EntryPoint\",\"urlTemplate\":\"https:\\\/\\\/samanthaestilistas.es\\\/es\\\/?s={search_term_string}\"},\"query-input\":{\"@type\":\"PropertyValueSpecification\",\"valueRequired\":true,\"valueName\":\"search_term_string\"}}],\"inLanguage\":\"ca\"},{\"@type\":\"Organization\",\"@id\":\"https:\\\/\\\/samanthaestilistas.es\\\/es\\\/#organization\",\"name\":\"Samantha - Perruquers & Barbers\",\"url\":\"https:\\\/\\\/samanthaestilistas.es\\\/es\\\/\",\"logo\":{\"@type\":\"ImageObject\",\"inLanguage\":\"ca\",\"@id\":\"https:\\\/\\\/samanthaestilistas.es\\\/es\\\/#\\\/schema\\\/logo\\\/image\\\/\",\"url\":\"https:\\\/\\\/samanthaestilistas.es\\\/wp-content\\\/uploads\\\/2021\\\/09\\\/WhatsApp-Image-2020-03-08-at-20.51.37.jpeg\",\"contentUrl\":\"https:\\\/\\\/samanthaestilistas.es\\\/wp-content\\\/uploads\\\/2021\\\/09\\\/WhatsApp-Image-2020-03-08-at-20.51.37.jpeg\",\"width\":1000,\"height\":1000,\"caption\":\"Samantha - Perruquers & Barbers\"},\"image\":{\"@id\":\"https:\\\/\\\/samanthaestilistas.es\\\/es\\\/#\\\/schema\\\/logo\\\/image\\\/\"}}]}<\/script>\n<!-- \/ Yoast SEO plugin. -->","yoast_head_json":{"title":"Contacto - Samantha - Perruquers &amp; Barbers","robots":{"index":"index","follow":"follow","max-snippet":"max-snippet:-1","max-image-preview":"max-image-preview:large","max-video-preview":"max-video-preview:-1"},"canonical":"https:\/\/samanthaestilistas.es\/ca\/contacto\/","og_locale":"ca_ES","og_type":"article","og_title":"Contacto - Samantha - Perruquers &amp; Barbers","og_url":"https:\/\/samanthaestilistas.es\/ca\/contacto\/","og_site_name":"Samantha - Perruquers &amp; Barbers","article_modified_time":"2021-08-27T18:48:14+00:00","og_image":[{"url":"https:\/\/samanthaestilistas.es\/wp-content\/uploads\/2021\/01\/icono-ubicacion.png","type":"","width":"","height":""}],"twitter_card":"summary_large_image","twitter_misc":{"Temps estimat de lectura":"1 minut"},"schema":{"@context":"https:\/\/schema.org","@graph":[{"@type":"WebPage","@id":"https:\/\/samanthaestilistas.es\/es\/contacto\/","url":"https:\/\/samanthaestilistas.es\/es\/contacto\/","name":"Contacto - Samantha - Perruquers &amp; Barbers","isPartOf":{"@id":"https:\/\/samanthaestilistas.es\/es\/#website"},"primaryImageOfPage":{"@id":"https:\/\/samanthaestilistas.es\/es\/contacto\/#primaryimage"},"image":{"@id":"https:\/\/samanthaestilistas.es\/es\/contacto\/#primaryimage"},"thumbnailUrl":"https:\/\/samanthaestilistas.es\/wp-content\/uploads\/2021\/01\/icono-ubicacion.png","datePublished":"2020-12-17T13:52:49+00:00","dateModified":"2021-08-27T18:48:14+00:00","breadcrumb":{"@id":"https:\/\/samanthaestilistas.es\/es\/contacto\/#breadcrumb"},"inLanguage":"ca","potentialAction":[{"@type":"ReadAction","target":["https:\/\/samanthaestilistas.es\/es\/contacto\/"]}]},{"@type":"ImageObject","inLanguage":"ca","@id":"https:\/\/samanthaestilistas.es\/es\/contacto\/#primaryimage","url":"https:\/\/samanthaestilistas.es\/wp-content\/uploads\/2021\/01\/icono-ubicacion.png","contentUrl":"https:\/\/samanthaestilistas.es\/wp-content\/uploads\/2021\/01\/icono-ubicacion.png"},{"@type":"BreadcrumbList","@id":"https:\/\/samanthaestilistas.es\/es\/contacto\/#breadcrumb","itemListElement":[{"@type":"ListItem","position":1,"name":"Portada","item":"https:\/\/samanthaestilistas.es\/"},{"@type":"ListItem","position":2,"name":"Contacto"}]},{"@type":"WebSite","@id":"https:\/\/samanthaestilistas.es\/es\/#website","url":"https:\/\/samanthaestilistas.es\/es\/","name":"Samantha - Perruquers &amp; Barbers","description":"Peluquer\u00eda y Barber Shop de Sabadell","publisher":{"@id":"https:\/\/samanthaestilistas.es\/es\/#organization"},"potentialAction":[{"@type":"SearchAction","target":{"@type":"EntryPoint","urlTemplate":"https:\/\/samanthaestilistas.es\/es\/?s={search_term_string}"},"query-input":{"@type":"PropertyValueSpecification","valueRequired":true,"valueName":"search_term_string"}}],"inLanguage":"ca"},{"@type":"Organization","@id":"https:\/\/samanthaestilistas.es\/es\/#organization","name":"Samantha - Perruquers & Barbers","url":"https:\/\/samanthaestilistas.es\/es\/","logo":{"@type":"ImageObject","inLanguage":"ca","@id":"https:\/\/samanthaestilistas.es\/es\/#\/schema\/logo\/image\/","url":"https:\/\/samanthaestilistas.es\/wp-content\/uploads\/2021\/09\/WhatsApp-Image-2020-03-08-at-20.51.37.jpeg","contentUrl":"https:\/\/samanthaestilistas.es\/wp-content\/uploads\/2021\/09\/WhatsApp-Image-2020-03-08-at-20.51.37.jpeg","width":1000,"height":1000,"caption":"Samantha - Perruquers & Barbers"},"image":{"@id":"https:\/\/samanthaestilistas.es\/es\/#\/schema\/logo\/image\/"}}]}},"_links":{"self":[{"href":"https:\/\/samanthaestilistas.es\/ca\/wp-json\/wp\/v2\/pages\/23","targetHints":{"allow":["GET"]}}],"collection":[{"href":"https:\/\/samanthaestilistas.es\/ca\/wp-json\/wp\/v2\/pages"}],"about":[{"href":"https:\/\/samanthaestilistas.es\/ca\/wp-json\/wp\/v2\/types\/page"}],"author":[{"embeddable":true,"href":"https:\/\/samanthaestilistas.es\/ca\/wp-json\/wp\/v2\/users\/4"}],"replies":[{"embeddable":true,"href":"https:\/\/samanthaestilistas.es\/ca\/wp-json\/wp\/v2\/comments?post=23"}],"version-history":[{"count":8,"href":"https:\/\/samanthaestilistas.es\/ca\/wp-json\/wp\/v2\/pages\/23\/revisions"}],"predecessor-version":[{"id":279,"href":"https:\/\/samanthaestilistas.es\/ca\/wp-json\/wp\/v2\/pages\/23\/revisions\/279"}],"wp:attachment":[{"href":"https:\/\/samanthaestilistas.es\/ca\/wp-json\/wp\/v2\/media?parent=23"}],"curies":[{"name":"wp","href":"https:\/\/api.w.org\/{rel}","templated":true}]}}